{"id":2157,"date":"2019-04-01T17:41:46","date_gmt":"2019-04-01T17:41:46","guid":{"rendered":"https:\/\/www.hotel-auberge-lentrecote.be\/livre-dor\/"},"modified":"2019-10-25T14:19:19","modified_gmt":"2019-10-25T14:19:19","slug":"livre-dor","status":"publish","type":"page","link":"https:\/\/www.hotel-auberge-lentrecote.be\/fr\/livre-dor\/","title":{"rendered":"Livre d\u2019or"},"content":{"rendered":"<p>[et_pb_section fb_built=\u00a0\u00bb1&Prime; fullwidth=\u00a0\u00bbon\u00a0\u00bb admin_label=\u00a0\u00bbheader\u00a0\u00bb _builder_version=\u00a0\u00bb3.22&Prime; fb_built=\u00a0\u00bb1&Prime; _i=\u00a0\u00bb0&Prime; _address=\u00a0\u00bb0&Prime;][et_pb_fullwidth_image src=\u00a0\u00bbhttps:\/\/hotel-auberge-lentrecote.be\/wp-content\/uploads\/gastenboek-header-rozen.jpg\u00a0\u00bb _builder_version=\u00a0\u00bb3.20.2&Prime; _i=\u00a0\u00bb0&Prime; _address=\u00a0\u00bb0.0&Prime;][\/et_pb_fullwidth_image][\/et_pb_section][et_pb_section fb_built=\u00a0\u00bb1&Prime; admin_label=\u00a0\u00bbKamers sectie\u00a0\u00bb _builder_version=\u00a0\u00bb3.22&Prime; background_image=\u00a0\u00bbhttps:\/\/hotel-auberge-lentrecote.be\/wp-content\/uploads\/papier1-bg-2400&#215;1600.jpg\u00a0\u00bb custom_padding=\u00a0\u00bb||\u00a0\u00bb fb_built=\u00a0\u00bb1&Prime; _i=\u00a0\u00bb1&Prime; _address=\u00a0\u00bb1&Prime;][et_pb_row admin_label=\u00a0\u00bbtitel\u00a0\u00bb _builder_version=\u00a0\u00bb3.25&Prime; width=\u00a0\u00bb78%\u00a0\u00bb max_width=\u00a0\u00bb78%\u00a0\u00bb module_alignment=\u00a0\u00bbcenter\u00a0\u00bb custom_padding=\u00a0\u00bb0|0px|0|0px|false|false\u00a0\u00bb use_custom_width=\u00a0\u00bbon\u00a0\u00bb width_unit=\u00a0\u00bboff\u00a0\u00bb custom_width_percent=\u00a0\u00bb78%\u00a0\u00bb _i=\u00a0\u00bb0&Prime; _address=\u00a0\u00bb1.0&Prime;][et_pb_column type=\u00a0\u00bb4_4&Prime; _builder_version=\u00a0\u00bb3.25&Prime; custom_padding=\u00a0\u00bb|||\u00a0\u00bb _i=\u00a0\u00bb0&Prime; _address=\u00a0\u00bb1.0.0&Prime; custom_padding__hover=\u00a0\u00bb|||\u00a0\u00bb][et_pb_text _builder_version=\u00a0\u00bb3.27.4&Prime; text_font=\u00a0\u00bb||||||||\u00a0\u00bb header_font=\u00a0\u00bb||||||||\u00a0\u00bb header_text_align=\u00a0\u00bbcenter\u00a0\u00bb header_text_color=\u00a0\u00bb#8b6f4b\u00a0\u00bb header_font_size=\u00a0\u00bb32px\u00a0\u00bb header_2_font=\u00a0\u00bb||||||||\u00a0\u00bb header_2_text_align=\u00a0\u00bbcenter\u00a0\u00bb header_2_text_color=\u00a0\u00bb#382f2d\u00a0\u00bb header_2_font_size=\u00a0\u00bb22px\u00a0\u00bb header_2_line_height=\u00a0\u00bb0em\u00a0\u00bb custom_margin=\u00a0\u00bb||0px\u00a0\u00bb _i=\u00a0\u00bb0&Prime; _address=\u00a0\u00bb1.0.0.0&Prime;]<\/p>\n<h1>Livre d\u2019or<\/h1>\n<h2>H\u00f4tel Auberge l&rsquo;Entrec\u00f4te \u00e0 Kluisbergen<\/h2>\n<p>[\/et_pb_text][et_pb_divider divider_position=\u00a0\u00bbcenter\u00a0\u00bb divider_weight=\u00a0\u00bb4px\u00a0\u00bb _builder_version=\u00a0\u00bb3.20.2&Prime; max_width=\u00a0\u00bb100px\u00a0\u00bb module_alignment=\u00a0\u00bbcenter\u00a0\u00bb custom_margin=\u00a0\u00bb21px||\u00a0\u00bb animation_style=\u00a0\u00bbslide\u00a0\u00bb animation_direction=\u00a0\u00bbtop\u00a0\u00bb animation_intensity_slide=\u00a0\u00bb10%\u00a0\u00bb animation_starting_opacity=\u00a0\u00bb100%\u00a0\u00bb _i=\u00a0\u00bb1&Prime; _address=\u00a0\u00bb1.0.0.1&Prime;][\/et_pb_divider][et_pb_text _builder_version=\u00a0\u00bb3.27.4&Prime; text_font=\u00a0\u00bb||||||||\u00a0\u00bb text_orientation=\u00a0\u00bbcenter\u00a0\u00bb custom_margin=\u00a0\u00bb20px||\u00a0\u00bb _i=\u00a0\u00bb2&Prime; _address=\u00a0\u00bb1.0.0.2&Prime;]<\/p>\n<p>Consultez les avis de nos h\u00f4tes ou laissez <a href=\"mailto:info@auberge-lentrecote.be\">un message<\/a> pour notre livre d&rsquo;or.<\/p>\n<p>[\/et_pb_text][\/et_pb_column][\/et_pb_row][\/et_pb_section][et_pb_section fb_built=\u00a0\u00bb1&Prime; admin_label=\u00a0\u00bbKamers sectie\u00a0\u00bb _builder_version=\u00a0\u00bb3.22&Prime; custom_margin=\u00a0\u00bb||-64px\u00a0\u00bb custom_padding=\u00a0\u00bb||\u00a0\u00bb fb_built=\u00a0\u00bb1&Prime; _i=\u00a0\u00bb2&Prime; _address=\u00a0\u00bb2&Prime;][et_pb_row admin_label=\u00a0\u00bbtekst en foto\u00a0\u00bb _builder_version=\u00a0\u00bb3.25&Prime; width=\u00a0\u00bb78%\u00a0\u00bb max_width=\u00a0\u00bb78%\u00a0\u00bb custom_margin=\u00a0\u00bb||40px\u00a0\u00bb custom_padding=\u00a0\u00bb27px|0px|27px|0px|false|false\u00a0\u00bb use_custom_width=\u00a0\u00bbon\u00a0\u00bb width_unit=\u00a0\u00bboff\u00a0\u00bb custom_width_percent=\u00a0\u00bb78%\u00a0\u00bb _i=\u00a0\u00bb0&Prime; _address=\u00a0\u00bb2.0&Prime; column_structure=\u00a0\u00bb1_2,1_2&Prime;][et_pb_column type=\u00a0\u00bb1_2&Prime; _builder_version=\u00a0\u00bb3.25&Prime; custom_padding=\u00a0\u00bb|||\u00a0\u00bb _i=\u00a0\u00bb0&Prime; _address=\u00a0\u00bb2.0.0&Prime; custom_padding__hover=\u00a0\u00bb|||\u00a0\u00bb][et_pb_text _builder_version=\u00a0\u00bb3.27.4&Prime; text_font=\u00a0\u00bb||||||||\u00a0\u00bb text_text_color=\u00a0\u00bb#000000&Prime; header_font=\u00a0\u00bb||||||||\u00a0\u00bb header_3_font=\u00a0\u00bb||||||||\u00a0\u00bb header_3_text_color=\u00a0\u00bb#8b6f4b\u00a0\u00bb header_4_font=\u00a0\u00bb||||||||\u00a0\u00bb header_4_text_color=\u00a0\u00bb#8b6f4b\u00a0\u00bb header_4_font_size=\u00a0\u00bb20px\u00a0\u00bb _i=\u00a0\u00bb0&Prime; _address=\u00a0\u00bb2.0.0.0&Prime;]<\/p>\n<h3>G. Agneessens<\/h3>\n<p>Nous nous sommes r\u00e9gal\u00e9s et avons appr\u00e9ci\u00e9 la propret\u00e9 et le confort des chambres. La situation en bordure d&rsquo;Escaut est un v\u00e9ritable atout. Merci pour cet agr\u00e9able week-end.<\/p>\n<h3>TT bikers (club VTT)<\/h3>\n<p>Chaque ann\u00e9e, notre club organise une escapade d&rsquo;un week-end avec les conjoints. En presque 10\u00a0ans d\u2019existence, nous avons s\u00e9journ\u00e9 dans pas mal d\u2019endroits, mais ce week-end-l\u00e0 fut g\u00e9nial. Un lieu superbe, des patrons aimables, sans oublier les cr\u00e9ations culinaires de haut vol et les chambres impeccables. Nous avons pass\u00e9 un week-end fabuleux. La r\u00e9gion se pr\u00eate aussi au cyclisme. Les \u00e9pouses qui avaient des activit\u00e9s pr\u00e9vues de leur c\u00f4t\u00e9 ont vraiment pris du bon temps. Merci pour tout. Je recommanderais certainement cet \u00e9tablissement. Alain et toute l&rsquo;\u00e9quipe VTT.<\/p>\n<h3>Pat &amp; Nikki<\/h3>\n<p>Je voulais y aller depuis longtemps. C\u2019est \u00e0 pr\u00e9sent chose faite. Un magnifique \u00e9tablissement dans un cadre idyllique. Les croquettes de ris de veau \u00e9taient une tuerie. L\u2019os \u00e0 moelle propos\u00e9 en suggestion \u00e9tait d\u00e9licieux et tr\u00e8s digeste. Les plats propos\u00e9s \u00e0 la carte feront le bonheur des amateurs de viande. Nous y reviendrons pour passer un week-end v\u00e9lo, dodo, gueuleton, etc. Bravo \u00e0 Jan et Lucr\u00e8ce (continuez les amis\u00a0!).<\/p>\n<h3>Marie-Th\u00e9r\u00e8se, Willy, Danny, M<\/h3>\n<p>20 kilom\u00e8tres de rando sur le GR tout proche&#8230; et on y est\u00a0! Et mazette, quel accueil\u00a0! Petit passage par la v\u00e9randa, histoire de faire l\u2019appoint liquide. Puis direction les chambres, am\u00e9nag\u00e9es avec \u00e9l\u00e9gance, pour une bonne douche revigorante et c\u2019est d\u00e9j\u00e0 l\u2019heure de l&rsquo;ap\u00e9ro\u00a0! Carte au choix limit\u00e9, mais juste bien. Les carnivores sont \u00e0 la f\u00eate, mais la solette est tout aussi sublime, sans chichi, qualit\u00e9 au top). Une bonne nuit de sommeil, un bon petit-d\u00e9jeuner. Le GR nous appelle&#8230;<\/p>\n<h3>Ren\u00e9 Van Hoof<\/h3>\n<p>Chers Lucr\u00e8ce et Jan, Les belles rives de l&rsquo;Escaut sont assur\u00e9ment une source d\u2019inspiration pour Jan, chef talentueux, qui n\u2019a pas son pareil pour agr\u00e9menter les viandes de qualit\u00e9. Avec son sourire et sa d\u00e9licatesse, Lucr\u00e8ce a transform\u00e9 la salle et les chambres de cette sympathique auberge en un havre de paix et de gastronomie. Auberge ou restaurant\u00a0? Auberge l&rsquo;Entrec\u00f4te, c\u2019est le top de la gastronomie et de l\u2019hospitalit\u00e9 qui fait chaud au c\u0153ur.<\/p>\n<h3>Isabelle &amp; Bj\u00f6rn<\/h3>\n<p>Chers Lucr\u00e8ce et Jan, merci pour cette belle soir\u00e9e. Nous avons ador\u00e9 le repas, la nuit\u00e9e dans l\u2019une de vos belles chambres et bien entendu aussi la bonne compagnie\u00a0! Nous attendons notre prochain s\u00e9jour avec impatience, car \u00e7a nous a donn\u00e9 envie.<\/p>\n<h3>Karin &amp; Chris<\/h3>\n<p>Nous avons vraiment appr\u00e9ci\u00e9 notre week-end \u00ab\u00a0Tour des Flandres\u00a0\u00bb il y a quelques semaines. Tr\u00e8s belle auberge, bel emplacement, chambres confortables, bonne cuisine, service aimable. Nous \u00e9tions si tristes de devoir rentrer chez nous le lundi matin que nous avons tout de suite d\u00e9cid\u00e9 de revenir l&rsquo;ann\u00e9e prochaine.<\/p>\n<h3>Carine &amp; Toon<\/h3>\n<p>Nous avons ador\u00e9 notre forfait romantique, l&rsquo;accueil chaleureux, le bon repas, les belles chambres et l\u2019excellente situation. Nous reviendrons certainement et ne manquerons pas de recommander l&rsquo;Auberge \u00e0 nos amis. F\u00e9licitations aux nouveaux grands-parents.<\/p>\n<h3>Dejonckheere P<\/h3>\n<p>Bonjour, nous avons bien mang\u00e9, le cadre \u00e9tait magnifique, le temps superbe. Bref, on s\u2019est r\u00e9gal\u00e9. Merci, Paula Andre de Hoofddorp.<\/p>\n<h3>Famille Van Tendeloo \u2013 Wouters<\/h3>\n<p>Apr\u00e8s avoir lu les commentaires \u00e9logieux du livre d&rsquo;or, nous ne pouvons que confirmer. Au calme, une belle terrasse et un beau jardin et une h\u00f4tesse tr\u00e8s sympathique. La chambre et le restaurant pour le d\u00eener et le petit-d\u00e9jeuner \u00e9taient impec. \u00c0 refaire\u00a0! Et encore toutes nos f\u00e9licitations aux nouveaux grands-parents. Paul et Maria Van Tendeloo \u2013 Wouters.<\/p>\n<h3>Jan &amp; Anja Hamers<\/h3>\n<p>Apr\u00e8s trois nuit\u00e9es pass\u00e9es chez vous, nous vous remercions une fois de plus de votre hospitalit\u00e9 et de vos d\u00e9licieux petits-d\u00e9jeuners et d\u00eeners pr\u00e9par\u00e9s avec amour. C&rsquo;\u00e9tait g\u00e9nial. La d\u00e9coration de la chambre et du restaurant \u00e9tait tr\u00e8s jolie et soign\u00e9e. La classe\u00a0! Les environs sont propices aux belles balades et aux chouettes excursions. Nous avons vraiment appr\u00e9ci\u00e9 notre s\u00e9jour dans votre \u00e9tablissement. Nous esp\u00e9rons revenir bient\u00f4t nous faire dorloter le temps d&rsquo;un week-end.<\/p>\n<h3>Soen<\/h3>\n<p>Belle chambre, cuisine raffin\u00e9e, personnel aimable, h\u00f4tesse super sympa. Bref, un vrai must. Allez-y\u00a0!<\/p>\n<h3>Jan (Majordome Jean de la t\u00e9l\u00e9)<\/h3>\n<p>Accueil tr\u00e8s chaleureux par la charmante h\u00f4tesse. Belle chambre luxueuse o\u00f9 rien ne manque. Un bon repas et un service pr\u00e9venant dans un cadre romantique \u00e0 souhait, des ap\u00e9ritifs et mises en bouche sympas dans la v\u00e9randa avec vue sur le jardin. Apr\u00e8s un petit-d\u00e9jeuner copieux, possibilit\u00e9 de faire une balade ou d&rsquo;aller courir. Nous ne manquerons pas de revenir dans ce havre de paix. Merci encore aux propri\u00e9taires pour cette belle formule. Je recommanderai cette auberge \u00e0 mes amis et \u00e0 ma famille. Jan.<\/p>\n<h3>Koninklijke Saan BV<\/h3>\n<p>Grand luxe, plaisirs de la table, belle chambre et accueil tr\u00e8s chaleureux. En raison de travaux dans les environs, j\u2019y ai s\u00e9journ\u00e9 une nuit et je r\u00e9it\u00e9rais volontiers l\u2019exp\u00e9rience. Peut-\u00eatre pour faire une surprise \u00e0 ma petite amie.<\/p>\n<h3>Michel &amp; Annette Derijcke<\/h3>\n<p>Un joyau dans les Ardennes flamandes. D\u00e8s l&rsquo;accueil par la charmante h\u00f4tesse, on est charm\u00e9 par cet int\u00e9rieur exquis et la spontan\u00e9it\u00e9 chaleureuse qui y r\u00e8gne. La carte \u00e9labor\u00e9e, qui fait la part belle aux viandes succulentes, met en app\u00e9tit. Notre repas pr\u00e9par\u00e9 de main de ma\u00eetre \u00e9tait un d\u00e9lice d&rsquo;un haut niveau de qualit\u00e9. Nous avons pass\u00e9 une excellente soir\u00e9e jusqu&rsquo;au caf\u00e9. Spontan\u00e9ment, nos voisins de table nous ont fait remarquer que cette qualit\u00e9 \u00e9tait aussi une constante dans les h\u00e9bergements propos\u00e9s. Nous sommes contents d&rsquo;avoir d\u00e9couvert cet \u00e9tablissement de grande classe, o\u00f9 l&rsquo;hospitalit\u00e9 sinc\u00e8re se conjugue \u00e0 un haut degr\u00e9 de qualit\u00e9 et de service. Merci\u00a0! Nous nous r\u00e9jouissons d&rsquo;ores et d\u00e9j\u00e0 de la prochaine visite dans ce haut lieu de gastronomie. Michel et Annette Derijcke \u2013 Vander Beken.<\/p>\n<h3>Rik &amp; Karine<\/h3>\n<p>Nous sommes venus chez vous pour la premi\u00e8re fois le 1<sup>er<\/sup>\u00a0novembre et nous avons \u00e9t\u00e9 agr\u00e9ablement surpris par l&rsquo;ambiance et la beaut\u00e9 du cadre. Tout ici n\u2019est que luxe, calme et volupt\u00e9. Le repas \u00e9tait succulent. Nous reviendrons certainement. La prochaine fois, nous y passerons la nuit et le week-end. Merci et \u00e0 bient\u00f4t,<\/p>\n<h3>Filip &amp; Rosanne<\/h3>\n<p>Nous avons \u00e9t\u00e9 tr\u00e8s bien accueillis par une h\u00f4tesse super enthousiaste. Chambres agr\u00e9ables et tr\u00e8s propres. Terrasse et int\u00e9rieur chaleureux et de bon go\u00fbt. On s\u2019y sent imm\u00e9diatement comme chez soi. Petit-d\u00e9jeuner tr\u00e8s savoureux avec jus de fruits frais et tout ce qu\u2019il faut\u00a0! Point de chute id\u00e9al pour faire des balades \u00e0 pied ou \u00e0 v\u00e9lo dans les Ardennes flamandes, visiter Courtrai ou Gand, le mus\u00e9e du cyclisme \u00e0 Audenarde, le Kluisbos,&#8230; Tr\u00e8s bien situ\u00e9 dans un quartier calme au bord de l&rsquo;Escaut. On recommande all\u00e8grement.<\/p>\n<p>&nbsp;<\/p>\n<p>[\/et_pb_text][\/et_pb_column][et_pb_column type=\u00a0\u00bb1_2&Prime; _builder_version=\u00a0\u00bb3.25&Prime; custom_padding=\u00a0\u00bb|||\u00a0\u00bb _i=\u00a0\u00bb1&Prime; _address=\u00a0\u00bb2.0.1&Prime; custom_padding__hover=\u00a0\u00bb|||\u00a0\u00bb][et_pb_text _builder_version=\u00a0\u00bb3.27.4&Prime; text_font=\u00a0\u00bb||||||||\u00a0\u00bb text_text_color=\u00a0\u00bb#000000&Prime; _i=\u00a0\u00bb0&Prime; _address=\u00a0\u00bb2.0.1.0&Prime;]<\/p>\n<h3>Fuchs Marc &amp; Machtels<\/h3>\n<p>Nous avons \u00e9t\u00e9 tr\u00e8s bien accueillis par une h\u00f4tesse pr\u00e9venante. Nous avons bien mang\u00e9 dans un cadre \u00e9l\u00e9gant. Les chambres sont bien am\u00e9nag\u00e9es. Nous avons bien dormi et savour\u00e9 un d\u00e9licieux petit-d\u00e9jeuner le matin. Nous reviendrons dans ce bel endroit. Merci.<\/p>\n<h3>William &amp; Deborah Janssens<\/h3>\n<p>Au cours des 25\u00a0derni\u00e8res ann\u00e9es, nous avons s\u00e9journ\u00e9 dans pas mal d\u2019h\u00f4tels \u00e0 l\u2019occasion de nos vacances \u00e0 l&rsquo;\u00e9tranger et au pays. Cet \u00e9tablissement de chez nous figure certainement dans notre top\u00a010. Situation id\u00e9ale, au calme et au fil de l&rsquo;Escaut, beau d\u00e9cor, chambres tr\u00e8s bien entretenues, service sympathique et jovial et surtout c\u00f4te \u00e0 l&rsquo;os \u00e0 se damner. Nous avons appr\u00e9ci\u00e9 notre soir\u00e9e et notre nuit et nous reviendrons certainement\u00a0!<\/p>\n<h3>Elvire &amp; Dion<\/h3>\n<p>Nous avons aim\u00e9 le cadre magnifique, la bonne cuisine, la chambre confortable et sa douche moderne, le petit-d\u00e9jeuner d\u00e9licieux et nous n&rsquo;oublions pas de sit\u00f4t l&rsquo;accueil chaleureux de l&rsquo;h\u00f4tesse. C&rsquo;\u00e9tait g\u00e9nial\u00a0! Merci\u00a0!<\/p>\n<h3>Guido Van der Elst<\/h3>\n<p>Bel h\u00f4tel, bien mang\u00e9, bien dormi, bon petit-d\u00e9jeuner et&#8230;. une ma\u00eetresse de maison parfaite. Que peut-on demander de plus\u00a0?<\/p>\n<h3>Keurslager Ignace &amp; Liliane<\/h3>\n<p>S\u00e9jour impeccable, bon accueil de la part d&rsquo;une sympathique h\u00f4tesse, repas savoureux et chambres tr\u00e8s bien entretenues. Apr\u00e8s une bonne nuit de sommeil, un bon petit-d\u00e9jeuner. \u00c0 recommander sans h\u00e9sitation. Bravo et mille fois merci. Keurslager Ignace et Liliane de Poperinge.<\/p>\n<h3>Jean Luc Chapel<\/h3>\n<p>Excellent souvenir de cette belle maison, l\u2019accueil est parfait et les mets sont d\u00e9licieux, je reviens d\u00e8s que possible. Jean Luc.<\/p>\n<h3>Pierre &amp; Christine<\/h3>\n<p>Nous y avons pass\u00e9 un week-end formidable. Nous avons appr\u00e9ci\u00e9 l&rsquo;hospitalit\u00e9 et la nourriture d\u00e9licieuse. Le cadre \u00e9tait aussi magnifique. Superbe vue sur l&rsquo;Escaut. Le rapport qualit\u00e9\/prix est top.<\/p>\n<h3>Alfredo &amp; Catharina<\/h3>\n<p>Chers h\u00f4tes, nous aspirons \u00e0 revenir dans votre belle maison d&rsquo;h\u00f4tes, loin du stress, pour prendre un bon repas dans le calme avec vue sur l&rsquo;Escaut. Un \u00e9tablissement \u00e0 conseiller. D\u00e9j\u00e0 un go\u00fbt de vacances pas loin de chez soi. Toutes nos f\u00e9licitations\u00a0!<\/p>\n<h3>Romina &amp; Mario<\/h3>\n<p>Avec un peu en retard, car \u00e7a fait un moment que nous sommes venus. Nous tenons \u00e0 vous dire que notre s\u00e9jour \u00e0 l&rsquo;Auberge l&rsquo;Entrec\u00f4te a \u00e9t\u00e9 un vrai plaisir. On y est choy\u00e9. Les chambres sont tr\u00e8s accueillantes et le concept dans son ensemble est magnifique. Nous ne trouvons pas de mots pour le d\u00e9crire\u00a0! Le restaurant sert une cuisine raffin\u00e9e. Les deux gar\u00e7ons \u00e9taient tr\u00e8s pr\u00e9venants et l&rsquo;h\u00f4tesse est une perle. Tout est possible et il n\u2019y a jamais le moindre probl\u00e8me. \u00c0 refaire. Nous reviendrons certainement ici\u00a0! Bonne continuation. Mario et Romina<\/p>\n<h3>Paul &amp; Frida<\/h3>\n<p>Un moment de pur bonheur le dernier jour des vacances. En balade v\u00e9lo le long de l&rsquo;Escaut, nous avons trouv\u00e9 ici une terrasse agr\u00e9able dans un jardin magnifiquement am\u00e9nag\u00e9, un service pr\u00e9venant et aimable et surtout une bonne table. On reviendra.<\/p>\n<h3>Gino &amp; Geoffrey<\/h3>\n<p>Tout d&rsquo;abord, bravo \u00e0 l\u2019\u00e9tablissement et merci de nous avoir permis de passer notre nuit de noces chez vous le 08\/08\/08 apr\u00e8s notre mariage \u00e0 DE KOETSE Kluisbergen. C&rsquo;\u00e9tait une chambre magnifique et un bel \u00e9tablissement, tout \u00e9tait g\u00e9nial, les lits, les couettes, les oreillers, la douche, etc. Quel luxe\u00a0! Que du bonheur\u00a0! Comme le petit-d\u00e9jeuner au champagne. Un \u00e9tablissement convivial \u00e0 recommander chaudement. Luxe, rapport qualit\u00e9\/prix et un gar\u00e7on adorable, JURGEN. Encore merci au fils de la maison (beau gar\u00e7on) qui nous a ramen\u00e9s \u00e0 bon port \u00e0 Zwevegem. MERCI, MERCI, MERCI, MERCI Bisous Gino et Geoffrey xxxx.<\/p>\n<h3>Van der Mark (Pays-Bas)<\/h3>\n<p>Un bel \u00e9tablissement, une bonne table, mais surtout un grand sens de l&rsquo;accueil. Ici, on est un peu comme chez soi. Je recommande aux gourmets qui aiment \u00eatre accueillis en invit\u00e9s.<\/p>\n<h3>Gaby &amp; Carine<\/h3>\n<p>Nous sommes revenus vous voir \u2013 avec des amis \u2013 et eux aussi ont \u00e9t\u00e9 charm\u00e9s par le cadre\u00a0! Nous nous sommes tous r\u00e9gal\u00e9s d&rsquo;une succulente entrec\u00f4te\u00a0! Le vin du patron n\u2019\u00e9tait pas mal non plus. Un cru de qualit\u00e9 \u00e0 un prix correct\u00a0: on dit oui\u00a0! \u00c0 bient\u00f4t\u00a0!<\/p>\n<h3>No\u00ebl &amp; Marijke<\/h3>\n<p>Bel h\u00f4tel, agr\u00e9able situation Un accueil aimable et charmant. Le chef m\u00e9rite des louanges. Je n&rsquo;avais plus mang\u00e9 un aussi bon steak depuis des ann\u00e9es.<\/p>\n<h3>Eddy &amp; Lutgarde<\/h3>\n<p>Chers Lucr\u00e8ce et Jan, merci pour ce beau week-end. Nous avons ador\u00e9 le repas, les nuit\u00e9es dans l\u2019une de vos belles chambres et bien entendu aussi la convivialit\u00e9\u00a0! Nous avons assist\u00e9 au Tour des Flandres avec en guise de cerise sur le g\u00e2teau, une grande photo de mon \u00e9pouse dans les pages sportives du Laatste Nieuws. Salutations et \u00e0 l&rsquo;ann\u00e9e prochaine.<\/p>\n<h3>Famille Sempels-Hendrickx de Lub<\/h3>\n<p>Chers Lucr\u00e8ce et Jan, Nous avons s\u00e9journ\u00e9 chez vous le week-end du 8\u00a0mars\u00a02013. Pour nous, ce fut vraiment un week-end inoubliable\u00a0: une h\u00f4tesse radieuse, un grand chef, un restaurant et des chambres calmes et \u00e9l\u00e9gants. Ajoutez \u00e0 cela les Ardennes flamandes et les balades sur les routes du Tour des Flandres et voil\u00e0 tous les ingr\u00e9dients d\u2019un week-end r\u00e9ussi. En un mot comme en cent, c&rsquo;\u00e9tait SUPER. Amiti\u00e9s. Kris et Caroline<\/p>\n<h3>Schelfaut Guido<\/h3>\n<p>Le premier week-end de mai\u00a0: un week-end bien charg\u00e9 pour notre famille, avec un mariage en d\u00e9placement pas facile \u00e0 organiser, mais la solution \u00e9tait toute trouv\u00e9e. Passer la nuit dans votre Auberge. L\u2019accueil de la famille r\u00e9unie, c&rsquo;\u00e9tait merveilleux. Et pourtant, nous \u00e9tions nombreux (17). Il y avait une belle chambre confortable pour chacun, m\u00eame pour les petites, qui ont vraiment eu l\u2019impression d\u2019\u00eatre des princesses. Un bon d\u00eener, des horaires flexibles, aux petits soins pour les anciens, c&rsquo;\u00e9tait trop magique. Merci beaucoup pour tout, nous nous reverrons certainement, mais pour un W-E plus calme. Salutations Chris et Guido de Moerbeke-Waas<\/p>\n<h3>Nini et Roger Michiels \u2013 Heyle<\/h3>\n<p>Merci beaucoup pour ce merveilleux s\u00e9jour. L&rsquo;accueil \u00e9tait super, la nourriture parfaite et les chambres vraiment classe. \u00c0 refaire\u00a0!<\/p>\n<h3>K.Vandenberghe, C.Buck<\/h3>\n<p>Premi\u00e8re visite dans votre \u00e9tablissement\u00a0: rien \u00e0 redire\u00a0! Accueil chaleureux, service impeccable, bel emplacement, c\u00f4te \u00e0 l&rsquo;os fondante \u00e0 souhait\u00a0! On reviendra\u00a0!<\/p>\n<h3>Matthijs<\/h3>\n<p>Mes a\u00efeux, qu\u2019est-ce qu&rsquo;on s&rsquo;est encore r\u00e9gal\u00e9s ce midi\u00a0! Accueil chaleureux et cuisine raffin\u00e9e du chef, en particulier le tartare de b\u0153uf \u00e0 la minute (j&rsquo;aurais pu m\u2019en enfiler un demi-kilo). Mes papilles se souviennent encore de la succulente c\u00f4te \u00e0 l&rsquo;os. Merci et \u00e0 tr\u00e8s bient\u00f4t.<\/p>\n<p>&nbsp;<\/p>\n<p>[\/et_pb_text][\/et_pb_column][\/et_pb_row][\/et_pb_section][et_pb_section fb_built=\u00a0\u00bb1&Prime; admin_label=\u00a0\u00bbfotogalerij kamers\u00a0\u00bb _builder_version=\u00a0\u00bb3.22&Prime; background_color=\u00a0\u00bbrgba(56,47,45,0.75)\u00a0\u00bb background_image=\u00a0\u00bbhttps:\/\/hotel-auberge-lentrecote.be\/wp-content\/uploads\/papier1-bg-2400&#215;800.jpg\u00a0\u00bb background_blend=\u00a0\u00bbmultiply\u00a0\u00bb fb_built=\u00a0\u00bb1&Prime; _i=\u00a0\u00bb3&Prime; _address=\u00a0\u00bb3&Prime;][et_pb_row use_custom_gutter=\u00a0\u00bbon\u00a0\u00bb gutter_width=\u00a0\u00bb2&Prime; admin_label=\u00a0\u00bbfotogalerij\u00a0\u00bb module_id=\u00a0\u00bbrij-fotogalerij-kamers\u00a0\u00bb _builder_version=\u00a0\u00bb3.25&Prime; module_alignment=\u00a0\u00bbcenter\u00a0\u00bb custom_padding=\u00a0\u00bb27px|0px|0|0px|false|false\u00a0\u00bb _i=\u00a0\u00bb0&Prime; _address=\u00a0\u00bb0&Prime; global_module=\u00a0\u00bb3943&Prime;][et_pb_column type=\u00a0\u00bb4_4&Prime; _builder_version=\u00a0\u00bb3.25&Prime; custom_padding=\u00a0\u00bb|||\u00a0\u00bb custom_padding__hover=\u00a0\u00bb|||\u00a0\u00bb _i=\u00a0\u00bb0&Prime; _address=\u00a0\u00bb0.0&Prime;][et_pb_gallery gallery_ids=\u00a0\u00bb3815,1781,1796,1798,3831,3823,3832,3826,3835,3820,1779,1789,1792,1783,1790,888&Prime; posts_number=\u00a0\u00bb16&Prime; show_title_and_caption=\u00a0\u00bboff\u00a0\u00bb show_pagination=\u00a0\u00bboff\u00a0\u00bb admin_label=\u00a0\u00bbfotogalerij kamer\u00a0\u00bb module_id=\u00a0\u00bbgalerij-kamers-2-beelden\u00a0\u00bb _builder_version=\u00a0\u00bb3.29.3&Prime; title_font=\u00a0\u00bb||||||||\u00a0\u00bb caption_font=\u00a0\u00bb||||||||\u00a0\u00bb pagination_font=\u00a0\u00bb||||||||\u00a0\u00bb module_alignment=\u00a0\u00bbcenter\u00a0\u00bb _i=\u00a0\u00bb0&Prime; _address=\u00a0\u00bb0.0.0&Prime;][\/et_pb_gallery][\/et_pb_column][\/et_pb_row][\/et_pb_section][et_pb_section fb_built=\u00a0\u00bb1&Prime; disabled_on=\u00a0\u00bbon|off|off\u00a0\u00bb admin_label=\u00a0\u00bbKamers sectie\u00a0\u00bb _builder_version=\u00a0\u00bb3.22&Prime; custom_margin=\u00a0\u00bb||\u00a0\u00bb custom_padding=\u00a0\u00bb54px|0px|54px|0px|false|false\u00a0\u00bb fb_built=\u00a0\u00bb1&Prime; _i=\u00a0\u00bb4&Prime; _address=\u00a0\u00bb4&Prime;][et_pb_row admin_label=\u00a0\u00bbkamers\u00a0\u00bb _builder_version=\u00a0\u00bb3.25&Prime; width=\u00a0\u00bb78%\u00a0\u00bb max_width=\u00a0\u00bb78%\u00a0\u00bb module_alignment=\u00a0\u00bbcenter\u00a0\u00bb custom_margin=\u00a0\u00bb-30px||\u00a0\u00bb use_custom_width=\u00a0\u00bbon\u00a0\u00bb width_unit=\u00a0\u00bboff\u00a0\u00bb custom_width_percent=\u00a0\u00bb78%\u00a0\u00bb _i=\u00a0\u00bb0&Prime; _address=\u00a0\u00bb4.0&Prime;][et_pb_column type=\u00a0\u00bb4_4&Prime; _builder_version=\u00a0\u00bb3.25&Prime; custom_padding=\u00a0\u00bb|||\u00a0\u00bb _i=\u00a0\u00bb0&Prime; _address=\u00a0\u00bb4.0.0&Prime; custom_padding__hover=\u00a0\u00bb|||\u00a0\u00bb][et_pb_tabs active_tab_background_color=\u00a0\u00bb#d6d1c4&Prime; inactive_tab_background_color=\u00a0\u00bbrgba(210,205,200,0.3)\u00a0\u00bb _builder_version=\u00a0\u00bb3.24&Prime; tab_text_color=\u00a0\u00bb#8b6f4b\u00a0\u00bb body_font=\u00a0\u00bb||||||||\u00a0\u00bb tab_font=\u00a0\u00bbPlayfair Display||||||||\u00a0\u00bb tab_font_size=\u00a0\u00bb16px\u00a0\u00bb tab_letter_spacing=\u00a0\u00bb1px\u00a0\u00bb tab_line_height=\u00a0\u00bb1.8em\u00a0\u00bb max_width=\u00a0\u00bb100%\u00a0\u00bb max_width_last_edited=\u00a0\u00bboff|desktop\u00a0\u00bb custom_margin=\u00a0\u00bb10px||\u00a0\u00bb custom_margin_tablet=\u00a0\u00bb50px||\u00a0\u00bb custom_margin_last_edited=\u00a0\u00bbon|tablet\u00a0\u00bb custom_padding=\u00a0\u00bb|5%||70%\u00a0\u00bb custom_padding_tablet=\u00a0\u00bb|0%||57%\u00a0\u00bb custom_padding_phone=\u00a0\u00bb|5%||5%\u00a0\u00bb custom_padding_last_edited=\u00a0\u00bbon|desktop\u00a0\u00bb border_width_all=\u00a0\u00bb0px\u00a0\u00bb border_color_all=\u00a0\u00bbrgba(0,0,0,0)\u00a0\u00bb border_color_top=\u00a0\u00bbrgba(214,209,196,0.53)\u00a0\u00bb global_module=\u00a0\u00bb1708&Prime; saved_tabs=\u00a0\u00bball\u00a0\u00bb _i=\u00a0\u00bb0&Prime; _address=\u00a0\u00bb4.0.0.0&Prime;][et_pb_tab title=\u00a0\u00bbn\u00b0 1&Prime; _builder_version=\u00a0\u00bb3.24&Prime; body_font=\u00a0\u00bb||||||||\u00a0\u00bb body_text_color=\u00a0\u00bb#382f2d\u00a0\u00bb body_font_size=\u00a0\u00bb14&Prime; tab_font=\u00a0\u00bbPlayfair Display||||||||\u00a0\u00bb tab_text_color=\u00a0\u00bb#8b6f4b\u00a0\u00bb tab_font_size=\u00a0\u00bb16px\u00a0\u00bb tab_letter_spacing=\u00a0\u00bb1px\u00a0\u00bb tab_line_height=\u00a0\u00bb1.7em\u00a0\u00bb background_image=\u00a0\u00bbhttps:\/\/hotel-auberge-lentrecote.be\/wp-content\/uploads\/kamer01.jpg\u00a0\u00bb custom_padding=\u00a0\u00bb12%||4%\u00a0\u00bb _i=\u00a0\u00bb0&Prime; _address=\u00a0\u00bb4.0.0.0.0&Prime;]<\/p>\n<ul>\n<li>Chambre pour deux personnes avec lit king size<\/li>\n<li>Vue sur l&rsquo;Escaut<\/li>\n<li>TV \u00e9cran plat, Wi-Fi gratuit et frigo<\/li>\n<li>Salle de bain avec baignoire, s\u00e8che-cheveux, sorties de bain, pantoufles et articles de toilette<\/li>\n<li>Climatisation Dyson<\/li>\n<li>Parking ferm\u00e9 gratuit<\/li>\n<\/ul>\n<h4><span style=\"color: #000; font-size: 28px;\">\u20ac135,-*<\/span><\/h4>\n<p>Petit-d\u00e9jeuner compris<br \/>\n<strong>*<\/strong><span style=\"font-size: 12px;\">Tarifs par nuit\u00e9e, par chambre pour 2 pers. bas\u00e9 sur un min. de 2 nuits.<\/span><\/p>\n<div class=\"et_pb_button_wrapper\"><a class=\"et_pb_button et_pb_more_button button-wit\" href=\"\/fr\/?page_id=630\">Voir la chambre<\/a><\/div>\n<p>&nbsp;<\/p>\n<p>[\/et_pb_tab][et_pb_tab title=\u00a0\u00bbn\u00b0 2&Prime; _builder_version=\u00a0\u00bb3.24&Prime; body_font=\u00a0\u00bb||||||||\u00a0\u00bb body_text_color=\u00a0\u00bb#382f2d\u00a0\u00bb body_font_size=\u00a0\u00bb14&Prime; tab_font=\u00a0\u00bbPlayfair Display||||||||\u00a0\u00bb tab_text_color=\u00a0\u00bb#8b6f4b\u00a0\u00bb tab_font_size=\u00a0\u00bb16px\u00a0\u00bb tab_letter_spacing=\u00a0\u00bb1px\u00a0\u00bb tab_line_height=\u00a0\u00bb1.7em\u00a0\u00bb background_image=\u00a0\u00bbhttps:\/\/hotel-auberge-lentrecote.be\/wp-content\/uploads\/kamer02.jpg\u00a0\u00bb custom_padding=\u00a0\u00bb12%||4%\u00a0\u00bb link_option_url=\u00a0\u00bb\/kamers\/\u00a0\u00bb _i=\u00a0\u00bb1&Prime; _address=\u00a0\u00bb4.0.0.0.1&Prime;]<\/p>\n<ul>\n<li>Chambre pour deux personnes avec lit king size<\/li>\n<li>Vue sur l&rsquo;Escaut<\/li>\n<li>TV \u00e9cran plat, Wi-Fi gratuit et frigo<\/li>\n<li>Salle de bain avec douche pluie, s\u00e8che-cheveux, sorties de bain, pantoufles et articles de toilette<\/li>\n<li>Climatisation Dyson<\/li>\n<li>Parking ferm\u00e9 gratuit<\/li>\n<\/ul>\n<h4><span style=\"color: #000; font-size: 28px;\">\u20ac135,-*<\/span><\/h4>\n<p>Petit-d\u00e9jeuner compris<br \/>\n<strong>*<\/strong><span style=\"font-size: 12px;\">Tarifs par nuit\u00e9e, par chambre pour 2 pers. bas\u00e9 sur un min. de 2 nuits.<\/span><\/p>\n<div class=\"et_pb_button_wrapper\"><a class=\"et_pb_button et_pb_more_button button-wit\" href=\"\/fr\/?page_id=721\">Voir la chambre<\/a><\/div>\n<p>&nbsp;<\/p>\n<p>[\/et_pb_tab][et_pb_tab title=\u00a0\u00bbn\u00b0 3&Prime; _builder_version=\u00a0\u00bb3.24&Prime; body_font=\u00a0\u00bb||||||||\u00a0\u00bb body_text_color=\u00a0\u00bb#382f2d\u00a0\u00bb body_font_size=\u00a0\u00bb14&Prime; tab_font=\u00a0\u00bbPlayfair Display||||||||\u00a0\u00bb tab_text_color=\u00a0\u00bb#8b6f4b\u00a0\u00bb tab_font_size=\u00a0\u00bb16px\u00a0\u00bb tab_letter_spacing=\u00a0\u00bb1px\u00a0\u00bb tab_line_height=\u00a0\u00bb1.7em\u00a0\u00bb background_image=\u00a0\u00bbhttps:\/\/hotel-auberge-lentrecote.be\/wp-content\/uploads\/kamer03.jpg\u00a0\u00bb custom_padding=\u00a0\u00bb12%||4%\u00a0\u00bb link_option_url=\u00a0\u00bb\/kamers\/\u00a0\u00bb _i=\u00a0\u00bb2&Prime; _address=\u00a0\u00bb4.0.0.0.2&Prime;]<\/p>\n<ul>\n<li>Chambre pour deux personnes avec lit king size<\/li>\n<li>Vue sur l&rsquo;Escaut<\/li>\n<li>TV \u00e9cran plat, Wi-Fi gratuit et frigo<\/li>\n<li>Salle de bain avec douche pluie, s\u00e8che-cheveux, sorties de bain, pantoufles et articles de toilette<\/li>\n<li>Climatisation Dyson<\/li>\n<li>Parking ferm\u00e9 gratuit<\/li>\n<\/ul>\n<h4><span style=\"color: #000; font-size: 28px;\">\u20ac135,-*<\/span><\/h4>\n<p>Petit-d\u00e9jeuner compris<br \/>\n<strong>*<\/strong><span style=\"font-size: 12px;\">Tarifs par nuit\u00e9e, par chambre pour 2 pers. bas\u00e9 sur un min. de 2 nuits.<\/span><\/p>\n<div class=\"et_pb_button_wrapper\"><a class=\"et_pb_button et_pb_more_button button-wit\" href=\"\/fr\/?page_id=723\">Voir la chambre<\/a><\/div>\n<p>&nbsp;<\/p>\n<p>[\/et_pb_tab][et_pb_tab title=\u00a0\u00bbn\u00b0 4&Prime; _builder_version=\u00a0\u00bb3.24&Prime; body_font=\u00a0\u00bb||||||||\u00a0\u00bb body_text_color=\u00a0\u00bb#382f2d\u00a0\u00bb body_font_size=\u00a0\u00bb14&Prime; tab_font=\u00a0\u00bbPlayfair Display||||||||\u00a0\u00bb tab_text_color=\u00a0\u00bb#8b6f4b\u00a0\u00bb tab_font_size=\u00a0\u00bb16px\u00a0\u00bb tab_letter_spacing=\u00a0\u00bb1px\u00a0\u00bb tab_line_height=\u00a0\u00bb1.7em\u00a0\u00bb background_image=\u00a0\u00bbhttps:\/\/hotel-auberge-lentrecote.be\/wp-content\/uploads\/kamer04.jpg\u00a0\u00bb custom_padding=\u00a0\u00bb12%||4%\u00a0\u00bb link_option_url=\u00a0\u00bb\/kamers\/\u00a0\u00bb _i=\u00a0\u00bb3&Prime; _address=\u00a0\u00bb4.0.0.0.3&Prime;]<\/p>\n<ul>\n<li>Chambre pour deux personnes avec lit king size<\/li>\n<li>Vue sur l&rsquo;Escaut<\/li>\n<li>TV \u00e9cran plat, Wi-Fi gratuit et frigo<\/li>\n<li>Salle de bain avec douche pluie, s\u00e8che-cheveux, sorties de bain, pantoufles et articles de toilette<\/li>\n<li>Climatisation Dyson<\/li>\n<li>Parking ferm\u00e9 gratuit<\/li>\n<\/ul>\n<h4><span style=\"color: #000; font-size: 28px;\">\u20ac135,-*<\/span><\/h4>\n<p>Petit-d\u00e9jeuner compris<br \/>\n<strong>*<\/strong><span style=\"font-size: 12px;\">Tarifs par nuit\u00e9e, par chambre pour 2 pers. bas\u00e9 sur un min. de 2 nuits.<\/span><\/p>\n<div class=\"et_pb_button_wrapper\"><a class=\"et_pb_button et_pb_more_button button-wit\" href=\"\/fr\/?page_id=725\">Voir la chambre<\/a><\/div>\n<p>&nbsp;<\/p>\n<p>[\/et_pb_tab][et_pb_tab title=\u00a0\u00bbn\u00b0 5&Prime; _builder_version=\u00a0\u00bb3.24&Prime; body_font=\u00a0\u00bb||||||||\u00a0\u00bb body_text_color=\u00a0\u00bb#382f2d\u00a0\u00bb body_font_size=\u00a0\u00bb14&Prime; tab_font=\u00a0\u00bbPlayfair Display||||||||\u00a0\u00bb tab_text_color=\u00a0\u00bb#8b6f4b\u00a0\u00bb tab_font_size=\u00a0\u00bb16px\u00a0\u00bb tab_letter_spacing=\u00a0\u00bb1px\u00a0\u00bb tab_line_height=\u00a0\u00bb1.7em\u00a0\u00bb background_image=\u00a0\u00bbhttps:\/\/hotel-auberge-lentrecote.be\/wp-content\/uploads\/kamer05.jpg\u00a0\u00bb custom_padding=\u00a0\u00bb12%||4%\u00a0\u00bb link_option_url=\u00a0\u00bb\/kamers\/\u00a0\u00bb _i=\u00a0\u00bb4&Prime; _address=\u00a0\u00bb4.0.0.0.4&Prime;]<\/p>\n<ul>\n<li>Chambre pour deux personnes avec lit king size<\/li>\n<li>TV \u00e9cran plat et Wi-Fi gratuit<\/li>\n<li>Salle de bain avec douche pluie, s\u00e8che-cheveux, sorties de bain, pantoufles et articles de toilette<\/li>\n<li>Climatisation Dyson<\/li>\n<li>Parking ferm\u00e9 gratuit<\/li>\n<\/ul>\n<h4><span style=\"color: #000; font-size: 28px;\">\u20ac115,-*<\/span><\/h4>\n<p>Petit-d\u00e9jeuner compris<br \/>\n<strong>*<\/strong><span style=\"font-size: 12px;\">Tarifs par nuit\u00e9e, par chambre pour 2 pers. bas\u00e9 sur un min. de 2 nuits.<\/span><\/p>\n<div class=\"et_pb_button_wrapper\"><a class=\"et_pb_button et_pb_more_button button-wit\" href=\"\/fr\/?page_id=727\">Voir la chambre<\/a><\/div>\n<p>&nbsp;<\/p>\n<p>[\/et_pb_tab][et_pb_tab title=\u00a0\u00bbn\u00b0 6&Prime; _builder_version=\u00a0\u00bb3.24&Prime; body_font=\u00a0\u00bb||||||||\u00a0\u00bb body_text_color=\u00a0\u00bb#382f2d\u00a0\u00bb body_font_size=\u00a0\u00bb14&Prime; tab_font=\u00a0\u00bbPlayfair Display||||||||\u00a0\u00bb tab_text_color=\u00a0\u00bb#8b6f4b\u00a0\u00bb tab_font_size=\u00a0\u00bb16px\u00a0\u00bb tab_letter_spacing=\u00a0\u00bb1px\u00a0\u00bb tab_line_height=\u00a0\u00bb1.7em\u00a0\u00bb background_image=\u00a0\u00bbhttps:\/\/hotel-auberge-lentrecote.be\/wp-content\/uploads\/kamer06.jpg\u00a0\u00bb custom_padding=\u00a0\u00bb12%||4%\u00a0\u00bb link_option_url=\u00a0\u00bb\/kamers\/\u00a0\u00bb _i=\u00a0\u00bb5&Prime; _address=\u00a0\u00bb4.0.0.0.5&Prime;]<\/p>\n<ul>\n<li>Chambre pour deux personnes avec lit king size<\/li>\n<li>TV \u00e9cran plat et Wi-Fi gratuit<\/li>\n<li>Salle de bain avec douche pluie, s\u00e8che-cheveux, sorties de bain, pantoufles et articles de toilette<\/li>\n<li>Climatisation Dyson<\/li>\n<li>Parking ferm\u00e9 gratuit<\/li>\n<\/ul>\n<h4><span style=\"color: #000; font-size: 28px;\">\u20ac120,-*<\/span><\/h4>\n<p>Petit-d\u00e9jeuner compris<br \/>\n<strong>*<\/strong><span style=\"font-size: 12px;\">Tarifs par nuit\u00e9e, par chambre pour 2 pers. bas\u00e9 sur un min. de 2 nuits.<\/span><\/p>\n<div class=\"et_pb_button_wrapper\"><a class=\"et_pb_button et_pb_more_button button-wit\" href=\"\/fr\/?page_id=729\">Voir la chambre<\/a><\/div>\n<p>&nbsp;<\/p>\n<p>[\/et_pb_tab][et_pb_tab title=\u00a0\u00bbn\u00b0 7&Prime; _builder_version=\u00a0\u00bb3.24&Prime; body_font=\u00a0\u00bb||||||||\u00a0\u00bb body_text_color=\u00a0\u00bb#382f2d\u00a0\u00bb body_font_size=\u00a0\u00bb14&Prime; tab_font=\u00a0\u00bbPlayfair Display||||||||\u00a0\u00bb tab_text_color=\u00a0\u00bb#8b6f4b\u00a0\u00bb tab_font_size=\u00a0\u00bb16px\u00a0\u00bb tab_letter_spacing=\u00a0\u00bb1px\u00a0\u00bb tab_line_height=\u00a0\u00bb1.7em\u00a0\u00bb background_image=\u00a0\u00bbhttps:\/\/hotel-auberge-lentrecote.be\/wp-content\/uploads\/kamer7.jpg\u00a0\u00bb custom_padding=\u00a0\u00bb12%||4%\u00a0\u00bb link_option_url=\u00a0\u00bb\/kamers\/\u00a0\u00bb _i=\u00a0\u00bb6&Prime; _address=\u00a0\u00bb4.0.0.0.6&Prime;]<\/p>\n<ul>\n<li>Chambre pour deux personnes avec lit king size<\/li>\n<li>TV \u00e9cran plat et Wi-Fi gratuit<\/li>\n<li>Salle de bain avec douche pluie, s\u00e8che-cheveux, sorties de bain, pantoufles et articles de toilette<\/li>\n<li>Climatisation Dyson<\/li>\n<li>Parking ferm\u00e9 gratuit<\/li>\n<\/ul>\n<h4><span style=\"color: #000; font-size: 28px;\">\u20ac120,-*<\/span><\/h4>\n<p>Petit-d\u00e9jeuner compris<br \/>\n<strong>*<\/strong><span style=\"font-size: 12px;\">Tarifs par nuit\u00e9e, par chambre pour 2 pers. bas\u00e9 sur un min. de 2 nuits.<\/span><\/p>\n<div class=\"et_pb_button_wrapper\"><a class=\"et_pb_button et_pb_more_button button-wit\" href=\"\/fr\/?page_id=731\">Voir la chambre<\/a><\/div>\n<p>&nbsp;<\/p>\n<p>[\/et_pb_tab][et_pb_tab title=\u00a0\u00bbn\u00b0 8&Prime; _builder_version=\u00a0\u00bb3.24&Prime; body_font=\u00a0\u00bb||||||||\u00a0\u00bb body_text_color=\u00a0\u00bb#382f2d\u00a0\u00bb body_font_size=\u00a0\u00bb14&Prime; tab_font=\u00a0\u00bbPlayfair Display||||||||\u00a0\u00bb tab_text_color=\u00a0\u00bb#8b6f4b\u00a0\u00bb tab_font_size=\u00a0\u00bb16px\u00a0\u00bb tab_letter_spacing=\u00a0\u00bb1px\u00a0\u00bb tab_line_height=\u00a0\u00bb1.7em\u00a0\u00bb background_image=\u00a0\u00bbhttps:\/\/hotel-auberge-lentrecote.be\/wp-content\/uploads\/kamer08.jpg\u00a0\u00bb custom_padding=\u00a0\u00bb12%||4%\u00a0\u00bb link_option_url=\u00a0\u00bb\/kamers\/\u00a0\u00bb _i=\u00a0\u00bb7&Prime; _address=\u00a0\u00bb4.0.0.0.7&Prime;]<\/p>\n<ul>\n<li>Chambre pour deux personnes avec lit king size<\/li>\n<li>TV \u00e9cran plat et Wi-Fi gratuit<\/li>\n<li>Salle de bain avec douche pluie, s\u00e8che-cheveux, sorties de bain, pantoufles et articles de toilette<\/li>\n<li>Climatisation Dyson<\/li>\n<li>Parking ferm\u00e9 gratuit<\/li>\n<\/ul>\n<h4><span style=\"color: #000; font-size: 28px;\">\u20ac120,-*<\/span><\/h4>\n<p>Petit-d\u00e9jeuner compris<br \/>\n<strong>*<\/strong><span style=\"font-size: 12px;\">Tarifs par nuit\u00e9e, par chambre pour 2 pers. bas\u00e9 sur un min. de 2 nuits.<\/span><\/p>\n<div class=\"et_pb_button_wrapper\"><a class=\"et_pb_button et_pb_more_button button-wit\" href=\"\/fr\/?page_id=733\">Voir la chambre<\/a><\/div>\n<p>&nbsp;<\/p>\n<p>[\/et_pb_tab][et_pb_tab title=\u00a0\u00bbn\u00b0 9&Prime; _builder_version=\u00a0\u00bb3.24&Prime; body_font=\u00a0\u00bb||||||||\u00a0\u00bb body_text_color=\u00a0\u00bb#382f2d\u00a0\u00bb body_font_size=\u00a0\u00bb14&Prime; tab_font=\u00a0\u00bbPlayfair Display||||||||\u00a0\u00bb tab_text_color=\u00a0\u00bb#8b6f4b\u00a0\u00bb tab_font_size=\u00a0\u00bb16px\u00a0\u00bb tab_letter_spacing=\u00a0\u00bb1px\u00a0\u00bb tab_line_height=\u00a0\u00bb1.7em\u00a0\u00bb background_image=\u00a0\u00bbhttps:\/\/hotel-auberge-lentrecote.be\/wp-content\/uploads\/kamer09-2xenkel.jpg\u00a0\u00bb custom_padding=\u00a0\u00bb12%||4%\u00a0\u00bb link_option_url=\u00a0\u00bb\/kamers\/\u00a0\u00bb _i=\u00a0\u00bb8&Prime; _address=\u00a0\u00bb4.0.0.0.8&Prime;]<\/p>\n<ul>\n<li>Chambre pour deux personnes avec lit king size ou 2 lits jumeaux<\/li>\n<li>TV \u00e9cran plat et Wi-Fi gratuit<\/li>\n<li>Salle de bain avec douche pluie, s\u00e8che-cheveux, sorties de bain, pantoufles et articles de toilette<\/li>\n<li>Climatisation Dyson<\/li>\n<li>Parking ferm\u00e9 gratuit<\/li>\n<\/ul>\n<h4><span style=\"color: #000; font-size: 28px;\">\u20ac120,-*<\/span><\/h4>\n<p>Petit-d\u00e9jeuner compris<br \/>\n<strong>*<\/strong><span style=\"font-size: 12px;\">Tarifs par nuit\u00e9e, par chambre pour 2 pers. bas\u00e9 sur un min. de 2 nuits.<\/span><\/p>\n<div class=\"et_pb_button_wrapper\"><a class=\"et_pb_button et_pb_more_button button-wit\" href=\"\/fr\/?page_id=735\">Voir la chambre<\/a><\/div>\n<p>&nbsp;<\/p>\n<p>[\/et_pb_tab][et_pb_tab title=\u00a0\u00bbn\u00b0 10&Prime; _builder_version=\u00a0\u00bb3.24&Prime; body_font=\u00a0\u00bb||||||||\u00a0\u00bb body_text_color=\u00a0\u00bb#382f2d\u00a0\u00bb body_font_size=\u00a0\u00bb14&Prime; tab_font=\u00a0\u00bbPlayfair Display||||||||\u00a0\u00bb tab_text_color=\u00a0\u00bb#8b6f4b\u00a0\u00bb tab_font_size=\u00a0\u00bb16px\u00a0\u00bb tab_letter_spacing=\u00a0\u00bb1px\u00a0\u00bb tab_line_height=\u00a0\u00bb1.7em\u00a0\u00bb background_image=\u00a0\u00bbhttps:\/\/hotel-auberge-lentrecote.be\/wp-content\/uploads\/kamer10.jpg\u00a0\u00bb custom_padding=\u00a0\u00bb12%||4%\u00a0\u00bb link_option_url=\u00a0\u00bb\/kamers\/\u00a0\u00bb _i=\u00a0\u00bb9&Prime; _address=\u00a0\u00bb4.0.0.0.9&Prime;]<\/p>\n<ul>\n<li>Chambre pour deux personnes avec lit king size<\/li>\n<li>TV \u00e9cran plat, Wi-Fi gratuit et frigo<\/li>\n<li>Salle de bain avec baignoire, s\u00e8che-cheveux, sorties de bain, pantoufles et articles de toilette<\/li>\n<li>Climatisation Dyson<\/li>\n<li>Parking ferm\u00e9 gratuit<\/li>\n<\/ul>\n<h4><span style=\"color: #000; font-size: 28px;\">\u20ac135,-*<\/span><\/h4>\n<p>Petit-d\u00e9jeuner compris<br \/>\n<strong>*<\/strong><span style=\"font-size: 12px;\">Tarifs par nuit\u00e9e, par chambre pour 2 pers. bas\u00e9 sur un min. de 2 nuits.<\/span><\/p>\n<div class=\"et_pb_button_wrapper\"><a class=\"et_pb_button et_pb_more_button button-wit\" href=\"\/fr\/?page_id=737\">Voir la chambre<\/a><\/div>\n<p>&nbsp;<\/p>\n<p>[\/et_pb_tab][\/et_pb_tabs][\/et_pb_column][\/et_pb_row][\/et_pb_section][et_pb_section fb_built=\u00a0\u00bb1&Prime; admin_label=\u00a0\u00bbKaart sectie\u00a0\u00bb _builder_version=\u00a0\u00bb3.22&Prime; background_image=\u00a0\u00bbhttps:\/\/hotel-auberge-lentrecote.be\/wp-content\/uploads\/google-map-auberge-3.jpg\u00a0\u00bb background_position=\u00a0\u00bbbottom_left\u00a0\u00bb custom_padding=\u00a0\u00bb10%||0||false|false\u00a0\u00bb link_option_url=\u00a0\u00bbhttps:\/\/www.google.com\/maps\/place\/Auberge+L&rsquo;Entrecote\/@50.7953289,3.5167653,15z\/data=!4m5!3m4!1s0x0:0xe8fe52f3d03267f3!8m2!3d50.7953289!4d3.5167653&Prime; link_option_url_new_window=\u00a0\u00bbon\u00a0\u00bb saved_tabs=\u00a0\u00bball\u00a0\u00bb fb_built=\u00a0\u00bb1&Prime; _i=\u00a0\u00bb5&Prime; _address=\u00a0\u00bb5&Prime;][et_pb_row column_structure=\u00a0\u00bb1_2,1_2&Prime; admin_label=\u00a0\u00bbTestimonial Area\u00a0\u00bb _builder_version=\u00a0\u00bb3.25&Prime; custom_padding=\u00a0\u00bb0||0||false|false\u00a0\u00bb global_module=\u00a0\u00bb1742&Prime; saved_tabs=\u00a0\u00bball\u00a0\u00bb _i=\u00a0\u00bb0&Prime; _address=\u00a0\u00bb5.0&Prime;][et_pb_column type=\u00a0\u00bb1_2&Prime; _builder_version=\u00a0\u00bb3.25&Prime; background_color=\u00a0\u00bb#8b6f4b\u00a0\u00bb custom_padding=\u00a0\u00bb60px|60px|60px|60px\u00a0\u00bb custom_padding_phone=\u00a0\u00bb|40px||40px\u00a0\u00bb custom_padding_last_edited=\u00a0\u00bbon|phone\u00a0\u00bb custom_padding__hover=\u00a0\u00bb|||\u00a0\u00bb _i=\u00a0\u00bb0&Prime; _address=\u00a0\u00bb5.0.0&Prime;][et_pb_image src=\u00a0\u00bbhttps:\/\/www.hotel-auberge-lentrecote.be\/wp-content\/uploads\/footer-luchtfoto2.jpg\u00a0\u00bb align_tablet=\u00a0\u00bbcenter\u00a0\u00bb align_last_edited=\u00a0\u00bbon|desktop\u00a0\u00bb _builder_version=\u00a0\u00bb3.23&Prime; _i=\u00a0\u00bb0&Prime; _address=\u00a0\u00bb5.0.0.0&Prime;][\/et_pb_image][et_pb_text admin_label=\u00a0\u00bbTitle\u00a0\u00bb _builder_version=\u00a0\u00bb3.27.4&Prime; header_font=\u00a0\u00bb||||||||\u00a0\u00bb header_2_font=\u00a0\u00bb||||||||\u00a0\u00bb header_2_text_align=\u00a0\u00bbcenter\u00a0\u00bb header_2_text_color=\u00a0\u00bb#ffffff\u00a0\u00bb header_2_font_size=\u00a0\u00bb30px\u00a0\u00bb custom_margin=\u00a0\u00bb||0px|\u00a0\u00bb animation_style=\u00a0\u00bbfade\u00a0\u00bb locked=\u00a0\u00bboff\u00a0\u00bb _i=\u00a0\u00bb1&Prime; _address=\u00a0\u00bb5.0.0.1&Prime;]<\/p>\n<h2>Bienvenue<\/h2>\n<p>[\/et_pb_text][et_pb_blurb use_icon=\u00a0\u00bbon\u00a0\u00bb font_icon=\u00a0\u00bb%%90%%\u00a0\u00bb use_circle=\u00a0\u00bbon\u00a0\u00bb circle_color=\u00a0\u00bb#ffffff\u00a0\u00bb icon_placement=\u00a0\u00bbleft\u00a0\u00bb use_icon_font_size=\u00a0\u00bbon\u00a0\u00bb icon_font_size=\u00a0\u00bb48px\u00a0\u00bb admin_label=\u00a0\u00bbcitaat icon\u00a0\u00bb _builder_version=\u00a0\u00bb3.21.1&Prime; header_font=\u00a0\u00bb||||||||\u00a0\u00bb body_font=\u00a0\u00bb||||||||\u00a0\u00bb background_layout=\u00a0\u00bbdark\u00a0\u00bb custom_margin=\u00a0\u00bb20px||20px|\u00a0\u00bb custom_padding=\u00a0\u00bb|||\u00a0\u00bb _i=\u00a0\u00bb2&Prime; _address=\u00a0\u00bb5.0.0.2&Prime;]<\/p>\n<p>Consultez les avis de nos h\u00f4tes ou laissez un message pour notre livre d&rsquo;or.<\/p>\n<p>[\/et_pb_blurb][et_pb_button button_url=\u00a0\u00bb\/fr\/?page_id=633&Prime; button_text=\u00a0\u00bbLivre d&rsquo;Or\u00a0\u00bb button_alignment=\u00a0\u00bbcenter\u00a0\u00bb _builder_version=\u00a0\u00bb3.21.1&Prime; custom_button=\u00a0\u00bbon\u00a0\u00bb button_text_size=\u00a0\u00bb13px\u00a0\u00bb button_text_color=\u00a0\u00bb#ffffff\u00a0\u00bb button_bg_color=\u00a0\u00bbrgba(255,255,255,0)\u00a0\u00bb button_border_color=\u00a0\u00bb#ffffff\u00a0\u00bb button_letter_spacing=\u00a0\u00bb2px\u00a0\u00bb button_font=\u00a0\u00bb|600|||||||\u00a0\u00bb button_use_icon=\u00a0\u00bboff\u00a0\u00bb button_text_color__hover_enabled=\u00a0\u00bbon\u00a0\u00bb button_border_color__hover_enabled=\u00a0\u00bbon\u00a0\u00bb button_border_color__hover=\u00a0\u00bb#ffffff\u00a0\u00bb button_text_color__hover=\u00a0\u00bb#8b6f4b\u00a0\u00bb button_bg_color__hover_enabled=\u00a0\u00bbon\u00a0\u00bb button_bg_color__hover=\u00a0\u00bb#ffffff\u00a0\u00bb _i=\u00a0\u00bb3&Prime; _address=\u00a0\u00bb5.0.0.3&Prime;][\/et_pb_button][\/et_pb_column][et_pb_column type=\u00a0\u00bb1_2&Prime; _builder_version=\u00a0\u00bb3.25&Prime; custom_padding=\u00a0\u00bb|||\u00a0\u00bb custom_padding__hover=\u00a0\u00bb|||\u00a0\u00bb _i=\u00a0\u00bb1&Prime; _address=\u00a0\u00bb5.0.1&Prime;][et_pb_map _builder_version=\u00a0\u00bb3.20.2&Prime; _i=\u00a0\u00bb0&Prime; _address=\u00a0\u00bb5.0.1.0&Prime;][\/et_pb_map][\/et_pb_column][\/et_pb_row][\/et_pb_section][et_pb_section fb_built=\u00a0\u00bb1&Prime; admin_label=\u00a0\u00bbFooter Section\u00a0\u00bb _builder_version=\u00a0\u00bb3.22&Prime; background_image=\u00a0\u00bbhttps:\/\/hotel-auberge-lentrecote.be\/wp-content\/uploads\/papier1-bg-2400&#215;800.jpg\u00a0\u00bb custom_padding=\u00a0\u00bb80px||0||false|false\u00a0\u00bb saved_tabs=\u00a0\u00bball\u00a0\u00bb fb_built=\u00a0\u00bb1&Prime; _i=\u00a0\u00bb6&Prime; _address=\u00a0\u00bb6&Prime;][et_pb_row admin_label=\u00a0\u00bbFooter Area\u00a0\u00bb _builder_version=\u00a0\u00bb3.25&Prime; custom_padding=\u00a0\u00bb0|0px|50px|0px|false|false\u00a0\u00bb _i=\u00a0\u00bb0&Prime; _address=\u00a0\u00bb6.0&Prime; column_structure=\u00a0\u00bb1_4,1_4,1_4,1_4&Prime;][et_pb_column type=\u00a0\u00bb1_4&Prime; _builder_version=\u00a0\u00bb3.25&Prime; custom_padding=\u00a0\u00bb|||\u00a0\u00bb _i=\u00a0\u00bb0&Prime; _address=\u00a0\u00bb6.0.0&Prime; custom_padding__hover=\u00a0\u00bb|||\u00a0\u00bb][et_pb_blurb use_icon=\u00a0\u00bbon\u00a0\u00bb font_icon=\u00a0\u00bb%%122%%\u00a0\u00bb icon_color=\u00a0\u00bb#ffffff\u00a0\u00bb use_circle=\u00a0\u00bbon\u00a0\u00bb use_icon_font_size=\u00a0\u00bbon\u00a0\u00bb icon_font_size=\u00a0\u00bb20px\u00a0\u00bb _builder_version=\u00a0\u00bb3.20.2&Prime; custom_margin=\u00a0\u00bb||-10px\u00a0\u00bb custom_padding=\u00a0\u00bb||0px\u00a0\u00bb _i=\u00a0\u00bb0&Prime; _address=\u00a0\u00bb6.0.0.0&Prime;][\/et_pb_blurb][et_pb_text ul_type=\u00a0\u00bbnone\u00a0\u00bb admin_label=\u00a0\u00bbTitle\u00a0\u00bb _builder_version=\u00a0\u00bb3.27.4&Prime; text_font=\u00a0\u00bb||||||||\u00a0\u00bb text_text_color=\u00a0\u00bb#382f2d\u00a0\u00bb text_line_height=\u00a0\u00bb1.4em\u00a0\u00bb ul_font=\u00a0\u00bbPoppins||||||||\u00a0\u00bb ul_text_align=\u00a0\u00bbcenter\u00a0\u00bb header_font=\u00a0\u00bb||||||||\u00a0\u00bb header_2_font=\u00a0\u00bbPoppins||||||||\u00a0\u00bb header_2_text_align=\u00a0\u00bbcenter\u00a0\u00bb header_2_font_size=\u00a0\u00bb24px\u00a0\u00bb header_2_line_height=\u00a0\u00bb1.4em\u00a0\u00bb header_4_font=\u00a0\u00bb||||||||\u00a0\u00bb header_4_text_color=\u00a0\u00bb#8b6f4b\u00a0\u00bb header_4_font_size=\u00a0\u00bb20px\u00a0\u00bb text_orientation=\u00a0\u00bbcenter\u00a0\u00bb background_layout=\u00a0\u00bbdark\u00a0\u00bb custom_margin=\u00a0\u00bb||5px|\u00a0\u00bb custom_padding=\u00a0\u00bb|||\u00a0\u00bb animation_style=\u00a0\u00bbfade\u00a0\u00bb _i=\u00a0\u00bb1&Prime; _address=\u00a0\u00bb6.0.0.1&Prime;]<\/p>\n<p>Pontstraat 61<br \/> 9690 Kluisbergen<br \/> Belgique<\/p>\n<p>[\/et_pb_text][\/et_pb_column][et_pb_column type=\u00a0\u00bb1_4&Prime; _builder_version=\u00a0\u00bb3.25&Prime; custom_padding=\u00a0\u00bb|||\u00a0\u00bb _i=\u00a0\u00bb1&Prime; _address=\u00a0\u00bb6.0.1&Prime; custom_padding__hover=\u00a0\u00bb|||\u00a0\u00bb][et_pb_blurb use_icon=\u00a0\u00bbon\u00a0\u00bb font_icon=\u00a0\u00bb%%104%%\u00a0\u00bb icon_color=\u00a0\u00bb#ffffff\u00a0\u00bb use_circle=\u00a0\u00bbon\u00a0\u00bb use_icon_font_size=\u00a0\u00bbon\u00a0\u00bb icon_font_size=\u00a0\u00bb20px\u00a0\u00bb _builder_version=\u00a0\u00bb3.20.2&Prime; custom_margin=\u00a0\u00bb||-10px\u00a0\u00bb custom_padding=\u00a0\u00bb||0px\u00a0\u00bb _i=\u00a0\u00bb0&Prime; _address=\u00a0\u00bb6.0.1.0&Prime;][\/et_pb_blurb][et_pb_text ul_type=\u00a0\u00bbnone\u00a0\u00bb admin_label=\u00a0\u00bbTitle\u00a0\u00bb _builder_version=\u00a0\u00bb3.27.4&Prime; text_font=\u00a0\u00bb||||||||\u00a0\u00bb text_text_color=\u00a0\u00bb#382f2d\u00a0\u00bb text_line_height=\u00a0\u00bb1.4em\u00a0\u00bb ul_font=\u00a0\u00bbPoppins||||||||\u00a0\u00bb ul_text_align=\u00a0\u00bbcenter\u00a0\u00bb header_font=\u00a0\u00bb||||||||\u00a0\u00bb header_2_font=\u00a0\u00bbPoppins||||||||\u00a0\u00bb header_2_text_align=\u00a0\u00bbcenter\u00a0\u00bb header_2_font_size=\u00a0\u00bb24px\u00a0\u00bb header_2_line_height=\u00a0\u00bb1.4em\u00a0\u00bb header_4_font=\u00a0\u00bb||||||||\u00a0\u00bb header_4_text_color=\u00a0\u00bb#8b6f4b\u00a0\u00bb header_4_font_size=\u00a0\u00bb24px\u00a0\u00bb text_orientation=\u00a0\u00bbcenter\u00a0\u00bb background_layout=\u00a0\u00bbdark\u00a0\u00bb custom_margin=\u00a0\u00bb||15px|\u00a0\u00bb custom_padding=\u00a0\u00bb|||\u00a0\u00bb animation_style=\u00a0\u00bbfade\u00a0\u00bb _i=\u00a0\u00bb1&Prime; _address=\u00a0\u00bb6.0.1.1&Prime;]<\/p>\n<p>0032 (0)55 20 80 69<br \/> <a href=\"mailto:info@auberge-lentrecote.be\">info@auberge-lentrecote.be<\/a><\/p>\n<p>[\/et_pb_text][\/et_pb_column][et_pb_column type=\u00a0\u00bb1_4&Prime; _builder_version=\u00a0\u00bb3.25&Prime; custom_padding=\u00a0\u00bb|||\u00a0\u00bb _i=\u00a0\u00bb2&Prime; _address=\u00a0\u00bb6.0.2&Prime; custom_padding__hover=\u00a0\u00bb|||\u00a0\u00bb][et_pb_blurb use_icon=\u00a0\u00bbon\u00a0\u00bb font_icon=\u00a0\u00bb%%321%%\u00a0\u00bb icon_color=\u00a0\u00bb#ffffff\u00a0\u00bb use_circle=\u00a0\u00bbon\u00a0\u00bb use_icon_font_size=\u00a0\u00bbon\u00a0\u00bb icon_font_size=\u00a0\u00bb20px\u00a0\u00bb _builder_version=\u00a0\u00bb3.20.2&Prime; custom_margin=\u00a0\u00bb||-10px\u00a0\u00bb custom_padding=\u00a0\u00bb||0px\u00a0\u00bb link_option_url=\u00a0\u00bb#\u00a0\u00bb _i=\u00a0\u00bb0&Prime; _address=\u00a0\u00bb6.0.2.0&Prime;][\/et_pb_blurb][\/et_pb_column][et_pb_column type=\u00a0\u00bb1_4&Prime; _builder_version=\u00a0\u00bb3.25&Prime; custom_padding=\u00a0\u00bb|||\u00a0\u00bb _i=\u00a0\u00bb3&Prime; _address=\u00a0\u00bb6.0.3&Prime; custom_padding__hover=\u00a0\u00bb|||\u00a0\u00bb][et_pb_blurb use_icon=\u00a0\u00bbon\u00a0\u00bb font_icon=\u00a0\u00bb%%291%%\u00a0\u00bb icon_color=\u00a0\u00bb#ffffff\u00a0\u00bb use_circle=\u00a0\u00bbon\u00a0\u00bb use_icon_font_size=\u00a0\u00bbon\u00a0\u00bb icon_font_size=\u00a0\u00bb20px\u00a0\u00bb _builder_version=\u00a0\u00bb3.20.2&Prime; custom_margin=\u00a0\u00bb||-10px\u00a0\u00bb custom_padding=\u00a0\u00bb||0px\u00a0\u00bb link_option_url=\u00a0\u00bbhttps:\/\/www.facebook.com\/Auberge-LEntrecote-1729450573775976\/\u00a0\u00bb link_option_url_new_window=\u00a0\u00bbon\u00a0\u00bb _i=\u00a0\u00bb0&Prime; _address=\u00a0\u00bb6.0.3.0&Prime;][\/et_pb_blurb][\/et_pb_column][\/et_pb_row][\/et_pb_section]<\/p>\n","protected":false},"excerpt":{"rendered":"<p>Livre d\u2019or H\u00f4tel Auberge l&rsquo;Entrec\u00f4te \u00e0 KluisbergenConsultez les avis de nos h\u00f4tes ou laissez un message pour notre livre d&rsquo;or.G. Agneessens Nous nous sommes r\u00e9gal\u00e9s et avons appr\u00e9ci\u00e9 la propret\u00e9 et le confort des chambres. La situation en bordure d&rsquo;Escaut est un v\u00e9ritable atout. Merci pour cet agr\u00e9able week-end. TT bikers (club VTT) Chaque ann\u00e9e, [&hellip;]<\/p>\n","protected":false},"author":1,"featured_media":0,"parent":0,"menu_order":0,"comment_status":"closed","ping_status":"closed","template":"","meta":{"_et_pb_use_builder":"on","_et_pb_old_content":"<!-- wp:divi\/placeholder \/-->","_et_gb_content_width":"","footnotes":""},"class_list":["post-2157","page","type-page","status-publish","hentry"],"_links":{"self":[{"href":"https:\/\/www.hotel-auberge-lentrecote.be\/fr\/wp-json\/wp\/v2\/pages\/2157","targetHints":{"allow":["GET"]}}],"collection":[{"href":"https:\/\/www.hotel-auberge-lentrecote.be\/fr\/wp-json\/wp\/v2\/pages"}],"about":[{"href":"https:\/\/www.hotel-auberge-lentrecote.be\/fr\/wp-json\/wp\/v2\/types\/page"}],"author":[{"embeddable":true,"href":"https:\/\/www.hotel-auberge-lentrecote.be\/fr\/wp-json\/wp\/v2\/users\/1"}],"replies":[{"embeddable":true,"href":"https:\/\/www.hotel-auberge-lentrecote.be\/fr\/wp-json\/wp\/v2\/comments?post=2157"}],"version-history":[{"count":0,"href":"https:\/\/www.hotel-auberge-lentrecote.be\/fr\/wp-json\/wp\/v2\/pages\/2157\/revisions"}],"wp:attachment":[{"href":"https:\/\/www.hotel-auberge-lentrecote.be\/fr\/wp-json\/wp\/v2\/media?parent=2157"}],"curies":[{"name":"wp","href":"https:\/\/api.w.org\/{rel}","templated":true}]}}